{"id":19058,"date":"2022-07-31T19:21:41","date_gmt":"2022-07-31T22:21:41","guid":{"rendered":"https:\/\/alphamodasocial.com.br\/shop\/?post_type=product&#038;p=19058"},"modified":"2025-06-20T11:46:13","modified_gmt":"2025-06-20T14:46:13","slug":"camisa-bordada-tipo-gola-polo-para-uniformes-e-fardar-corporativas-e-empresariais-kit-20-pcs","status":"publish","type":"product","link":"https:\/\/alphamodasocial.com.br\/shop\/produto\/camisa-bordada-tipo-gola-polo-para-uniformes-e-fardar-corporativas-e-empresariais-kit-20-pcs\/","title":{"rendered":"Camisa bordada tipo gola polo para uniformes corporativos e empresariais \u2013 a partir de 20 p\u00e7s"},"content":{"rendered":"<p><strong>Camisa bordada tipo gola polo para uniformes e fardas corporativas e empresariais<\/strong><\/p>\n<p>Esse valor est\u00e1 incluso o bordado no peito e se preferir a bandeira do Brasil vai como brinde, se quiser mais bordados, entre em contato conosco pelo <b><a href=\"https:\/\/wa.me\/5515988064065?text=Quero%20saber%20o%20valor%20de%20mais%20bordados%20em%20meus%20uniformes\" target=\"_blank\" rel=\"noopener\">whatsapp<\/a>\u00a0<\/b><\/p>\n<p>Op\u00e7\u00f5es de malhas para fazermos os seus uniformes ou fardamentos profissionais<br \/>\n<strong>Malha piquet<\/strong> (antipilling = anti bolinhas) &#8211; 50% poli\u00e9ster 50% algod\u00e3o<strong><br \/>\nMalha fria PV<\/strong> (antipilling = anti bolinhas) 67% poliester 33% viscose<br \/>\n<strong>Malha Dry fit<\/strong> 100% poliester<br \/>\n<strong>Meia malha<\/strong> 100% algod\u00e3o<\/p>\n<p>Se tiver d\u00favidas sobre a malha assista esse v\u00eddeo<br \/>\n<a href=\"https:\/\/youtu.be\/y9Hj79Md5lY\" target=\"_blank\" rel=\"noopener\"><img decoding=\"async\" loading=\"lazy\" class=\"alignnone wp-image-19491\" src=\"https:\/\/alphamodasocial.com.br\/shop\/wp-content\/uploads\/2022\/11\/youtube-logo-5-2.png\" alt=\"ideias-de-uniformes-que-n\u00e3o-amassam-que-n\u00e3o-encolhem-que-n\u00e3o-desbotam\" width=\"21\" height=\"15\" srcset=\"https:\/\/alphamodasocial.com.br\/shop\/wp-content\/uploads\/2022\/11\/youtube-logo-5-2.png 4096w, https:\/\/alphamodasocial.com.br\/shop\/wp-content\/uploads\/2022\/11\/youtube-logo-5-2-300x210.png 300w, https:\/\/alphamodasocial.com.br\/shop\/wp-content\/uploads\/2022\/11\/youtube-logo-5-2-1024x715.png 1024w, https:\/\/alphamodasocial.com.br\/shop\/wp-content\/uploads\/2022\/11\/youtube-logo-5-2-768x536.png 768w, https:\/\/alphamodasocial.com.br\/shop\/wp-content\/uploads\/2022\/11\/youtube-logo-5-2-1536x1073.png 1536w, https:\/\/alphamodasocial.com.br\/shop\/wp-content\/uploads\/2022\/11\/youtube-logo-5-2-2048x1431.png 2048w, https:\/\/alphamodasocial.com.br\/shop\/wp-content\/uploads\/2022\/11\/youtube-logo-5-2-640x447.png 640w\" sizes=\"(max-width: 21px) 100vw, 21px\" \/> <\/a><a href=\"https:\/\/youtu.be\/y9Hj79Md5lY\" target=\"_blank\" rel=\"noopener\">https:\/\/youtu.be\/y9Hj79Md5lY<\/a><\/p>\n<p>Tamanhos PP ao EXG<\/p>\n<p>Tamanhos G1 ao G6 plus size tem acr\u00e9scimo de 40%<b><\/b><\/p>\n<p><strong>TEMPO DE PROCESSAMENTO DE ENTREGA 25 a 35 DIAS \u00daTEIS (RECEBIMENTO DO PAGAMENTO, SEPARA\u00c7\u00c3O, CONFER\u00caNCIA, EMBALAGEM E ENVIO) MAIS O PRAZO ESTIPULADO PELOS CORREIOS.<\/strong><br \/>\n<strong>O PRAZO COME\u00c7AR\u00c1 A CONTAR A PARTIR DA APROVA\u00c7\u00c3O DO PEDIDO COM TAMANHOS, COR, MODELO E SIMULA\u00c7\u00c3O J\u00c1 DEFINIDOS<\/strong><\/p>\n<p>Pe\u00e7a um or\u00e7amento agora e transforme o uniforme da sua empresa em um marketing poderoso!<\/p>\n<p><a href=\"https:\/\/wa.me\/551531911606?text=Ol\u00e1,%20vim%20do%20site%20alpha%20Uniformes\" target=\"_blank\" rel=\"noopener\"><img decoding=\"async\" loading=\"lazy\" class=\"alignnone wp-image-31717\" src=\"https:\/\/unialphauniformes.com.br\/wp-content\/uploads\/2023\/09\/download.png\" alt=\"contato unialpha uniformes profissionais\" width=\"128\" height=\"49\" \/><\/a><\/p>\n<p><strong>.<\/strong><\/p>\n<p data-sourcepos=\"3:1-3:78\"><strong>Sua equipe com um visual profissional e moderno em qualquer lugar do pa\u00eds!<\/strong><\/p>\n<p data-sourcepos=\"7:1-7:131\"><strong>Personalize<\/strong> com seu logo e tenha a garantia de <strong>qualidade e padroniza\u00e7\u00e3o<\/strong> em cada pe\u00e7a, <strong>onde quer que sua empresa esteja<\/strong>.<\/p>\n<p data-sourcepos=\"9:1-9:48\"><strong>Conforto e praticidade para todos os climas:<\/strong><\/p>\n<ul data-sourcepos=\"11:1-16:0\">\n<li data-sourcepos=\"11:1-11:74\"><strong>Modelagem moderna e confort\u00e1vel:<\/strong> ideal para o dia a dia de trabalho;<\/li>\n<li data-sourcepos=\"12:1-12:68\"><strong>F\u00e1cil de lavar e passar:<\/strong> praticidade para o cuidado das pe\u00e7as;<\/li>\n<li data-sourcepos=\"13:1-13:61\"><strong>Boa transpira\u00e7\u00e3o:<\/strong> conforto t\u00e9rmico em qualquer esta\u00e7\u00e3o do ano, com malhas mais frescas para o calor<\/li>\n<li data-sourcepos=\"14:1-14:55\"><strong>\u00d3timo caimento:<\/strong> valorizando a silhueta da equipe;<\/li>\n<li data-sourcepos=\"15:1-16:0\"><strong>Durabilidade garantida:<\/strong> para um investimento que vale a pena pela sua durabilidade<\/li>\n<li data-sourcepos=\"15:1-16:0\"><\/li>\n<li data-sourcepos=\"15:1-16:0\"><\/li>\n<\/ul>\n<p><script type=\"application\/ld+json\">\n{\n  \"@context\": \"https:\/\/schema.org\",\n  \"@type\": \"Product\",\n  \"name\": \"Camisa Bordada Tipo Gola Polo para Uniformes e Farda Corporativas e Empresariais - Kit 20 pcs\",\n  \"image\": [\n    \"https:\/\/alphamodasocial.com.br\/wp-content\/uploads\/2024\/10\/camisa-bordada-gola-polo-uniformes.jpg\",\n    \"https:\/\/alphamodasocial.com.br\/wp-content\/uploads\/2024\/10\/camisa-corporativa-farda-gola-polo.jpg\"\n  ],\n  \"description\": \"Camisa bordada com estilo gola polo, ideal para uniformes corporativos e empresariais. Oferece eleg\u00e2ncia e conforto para a sua equipe.\",\n  \"brand\": {\n    \"@type\": \"Brand\",\n    \"name\": \"Alpha Moda Social\"\n  },\n  \"sku\": \"AMS 12345\",\n  \"offers\": {\n    \"@type\": \"Offer\",\n    \"url\": \"https:\/\/alphamodasocial.com.br\/shop\/produto\/camisa-bordada-tipo-gola-polo-para-uniformes-e-fardar-corporativas-e-empresariais-kit-20-pcs\/\",\n    \"priceCurrency\": \"BRL\",\n    \"price\": \"899.99\",\n    \"itemCondition\": \"https:\/\/schema.org\/NewCondition\",\n    \"availability\": \"https:\/\/schema.org\/InStock\"\n  },\n  \"additionalType\": \"Uniformes Profissionais\",\n  \"category\": [\n    \"Camisas Polo\",\n    \"Uniformes Corporativos\"\n  ]\n}\n<\/script><\/p>\n","protected":false},"excerpt":{"rendered":"<p>&nbsp;<\/p>\n<p><strong><img decoding=\"async\" loading=\"lazy\" class=\"wp-image-28455 alignleft\" src=\"https:\/\/unialphauniformes.com.br\/wp-content\/uploads\/2022\/06\/c585d7e96a7eaf3f1ecd1297d4593ce9.jpg\" alt=\"\" width=\"93\" height=\"93\" \/><\/strong><\/p>\n<p><strong>FAZEMOS SEU UNIFORME NA COR QUE VOC\u00ca IMAGINAR<\/strong><\/p>\n<p>&nbsp;<\/p>\n<p><strong>Compre agora e nos envie as informa\u00e7\u00f5es abaixo nesse whatsapp<a href=\"https:\/\/wa.me\/551531911606?text=Ol\u00e1,%20vim%20do%20site%20alpha%20Uniformes\" target=\"_blank\" rel=\"noopener\"><img decoding=\"async\" loading=\"lazy\" class=\"alignnone wp-image-28466\" src=\"https:\/\/unialphauniformes.com.br\/wp-content\/uploads\/2022\/06\/ec17f4c55c8cc534d8b12ea2181a0b73.jpg\" alt=\"\" width=\"17\" height=\"17\" \/><\/a> <\/strong><br \/>\n&#8211; O logo da sua empresa<br \/>\n&#8211; Combina\u00e7\u00e3o de cores que deseja conforme cat\u00e1logos em anexo<br \/>\n&#8211; Quantidades de pe\u00e7as por tamanho e sexo<\/p>\n","protected":false},"featured_media":20605,"template":"","meta":{"_monsterinsights_skip_tracking":false,"_monsterinsights_sitenote_active":false,"_monsterinsights_sitenote_note":"","_monsterinsights_sitenote_category":0},"product_cat":[701,232],"product_tag":[2165,1256,2166,2161,2162,2159,2164,2160,2163,2167],"_links":{"self":[{"href":"https:\/\/alphamodasocial.com.br\/shop\/wp-json\/wp\/v2\/product\/19058"}],"collection":[{"href":"https:\/\/alphamodasocial.com.br\/shop\/wp-json\/wp\/v2\/product"}],"about":[{"href":"https:\/\/alphamodasocial.com.br\/shop\/wp-json\/wp\/v2\/types\/product"}],"wp:featuredmedia":[{"embeddable":true,"href":"https:\/\/alphamodasocial.com.br\/shop\/wp-json\/wp\/v2\/media\/20605"}],"wp:attachment":[{"href":"https:\/\/alphamodasocial.com.br\/shop\/wp-json\/wp\/v2\/media?parent=19058"}],"wp:term":[{"taxonomy":"product_cat","embeddable":true,"href":"https:\/\/alphamodasocial.com.br\/shop\/wp-json\/wp\/v2\/product_cat?post=19058"},{"taxonomy":"product_tag","embeddable":true,"href":"https:\/\/alphamodasocial.com.br\/shop\/wp-json\/wp\/v2\/product_tag?post=19058"}],"curies":[{"name":"wp","href":"https:\/\/api.w.org\/{rel}","templated":true}]}}